{"id":155122,"date":"2021-01-16T20:01:02","date_gmt":"2021-01-16T19:01:02","guid":{"rendered":"https:\/\/codengine3.ch\/?page_id=155122"},"modified":"2021-03-05T15:50:21","modified_gmt":"2021-03-05T14:50:21","slug":"ausfluege-ins-gebirge","status":"publish","type":"page","link":"https:\/\/pizbube.ch\/en\/ausfluege-ins-gebirge\/","title":{"rendered":"Guided Mountaineering"},"content":{"rendered":"\n<p><\/p>\n\n\n\n<p class=\"has-medium-font-size\"><span style=\"color:#000098\" class=\"has-inline-color\">Piz ist mehr als eine Buchhandlung \u2013 wir bieten auch &#171;Ausfl\u00fcge ins Gebirge&#187; an<\/span>: <br>Ski- und Snowboardtouren im Winter, Hoch- und Klettertouren im Sommer. <\/p>\n\n\n\n<p class=\"has-medium-font-size\">Diplomierte Bergf\u00fchrer und Bergf\u00fchrerinnen garantieren f\u00fcr Sicherheit und Genuss in Schnee, Fels und Eis. Gerne beraten wir Sie auch bei individuellen Tourenzielen; vereinbaren Sie hier einen Termin.<\/p>\n\n\n\n<div style=\"height:50px\" aria-hidden=\"true\" class=\"wp-block-spacer\"><\/div>\n\n\n\n\n  \n    <div id=\"row-1445722084\" class=\"row large-columns-4 medium-columns-3 small-columns-1 has-shadow row-box-shadow-2 row-masonry\" data-packery-options='{\"itemSelector\": \".col\", \"gutter\": 0, \"presentageWidth\" : true}'>\n\n  <div class=\"col post-item\" >\n\t\t\t<div class=\"col-inner\">\n\t\t\t\t<div class=\"box box-text-bottom box-blog-post has-hover\">\n            \t\t\t\t\t<div class=\"box-image\" >\n  \t\t\t\t\t\t<div class=\"image-cover\" style=\"padding-top:180px;\">\n\t\t\t\t\t\t\t<a href=\"https:\/\/pizbube.ch\/en\/a-simple-blog-post\/\" class=\"plain\" aria-label=\"Lawinenpraxistour 18. Januar 2026\">\n\t\t\t\t\t\t\t\t<img loading=\"lazy\" decoding=\"async\" width=\"533\" height=\"400\" src=\"https:\/\/pizbube.ch\/wp-content\/uploads\/2021\/01\/lawinenkurs-533x400.jpg\" class=\"attachment-medium size-medium wp-post-image\" alt=\"\" srcset=\"https:\/\/pizbube.ch\/wp-content\/uploads\/2021\/01\/lawinenkurs-533x400.jpg 533w, https:\/\/pizbube.ch\/wp-content\/uploads\/2021\/01\/lawinenkurs-510x383.jpg 510w, https:\/\/pizbube.ch\/wp-content\/uploads\/2021\/01\/lawinenkurs.jpg 540w\" sizes=\"auto, (max-width: 533px) 100vw, 533px\" \/>\t\t\t\t\t\t\t<\/a>\n  \t\t\t\t\t\t\t  \t\t\t\t\t\t\t  \t\t\t\t\t\t<\/div>\n  \t\t\t\t\t\t  \t\t\t\t\t<\/div>\n          \t\t\t\t\t<div class=\"box-text text-center\" >\n\t\t\t\t\t<div class=\"box-text-inner blog-post-inner\">\n\n\t\t\t\t\t\n\t\t\t\t\t\t\t\t\t\t<h5 class=\"post-title is-large \">\n\t\t\t\t\t\t<a href=\"https:\/\/pizbube.ch\/en\/a-simple-blog-post\/\" class=\"plain\">Lawinenpraxistour 18. Januar 2026<\/a>\n\t\t\t\t\t<\/h5>\n\t\t\t\t\t\t\t\t\t\t<div class=\"is-divider\"><\/div>\n\t\t\t\t\t\t\t\t\t\t<p class=\"from_the_blog_excerpt \">\n\t\t\t\t\t\tW\u00e4hrend einer kurzen Tagestour k\u00f6nnen wir einige wichtige Merkpunkte der [...]\t\t\t\t\t<\/p>\n\t\t\t\t\t                    \n\t\t\t\t\t\n\t\t\t\t\t\n\t\t\t\t\t<\/div>\n\t\t\t\t\t<\/div>\n\t\t\t\t\t\t\t\t\t<\/div>\n\t\t\t<\/div>\n\t\t<\/div><div class=\"col post-item\" >\n\t\t\t<div class=\"col-inner\">\n\t\t\t\t<div class=\"box box-text-bottom box-blog-post has-hover\">\n            \t\t\t\t\t<div class=\"box-image\" >\n  \t\t\t\t\t\t<div class=\"image-cover\" style=\"padding-top:180px;\">\n\t\t\t\t\t\t\t<a href=\"https:\/\/pizbube.ch\/en\/glaernisch-vrenelis-gaertli\/\" class=\"plain\" aria-label=\"GL\u00c4RNISCH &#8211; VRENELI`S G\u00c4RTLI &#8211; 28.\/29. Juni 2026\">\n\t\t\t\t\t\t\t\t<img loading=\"lazy\" decoding=\"async\" width=\"530\" height=\"397\" src=\"https:\/\/pizbube.ch\/wp-content\/uploads\/2021\/03\/vreneli.jpg\" class=\"attachment-medium size-medium wp-post-image\" alt=\"\" srcset=\"https:\/\/pizbube.ch\/wp-content\/uploads\/2021\/03\/vreneli.jpg 530w, https:\/\/pizbube.ch\/wp-content\/uploads\/2021\/03\/vreneli-16x12.jpg 16w, https:\/\/pizbube.ch\/wp-content\/uploads\/2021\/03\/vreneli-510x382.jpg 510w\" sizes=\"auto, (max-width: 530px) 100vw, 530px\" \/>\t\t\t\t\t\t\t<\/a>\n  \t\t\t\t\t\t\t  \t\t\t\t\t\t\t  \t\t\t\t\t\t<\/div>\n  \t\t\t\t\t\t  \t\t\t\t\t<\/div>\n          \t\t\t\t\t<div class=\"box-text text-center\" >\n\t\t\t\t\t<div class=\"box-text-inner blog-post-inner\">\n\n\t\t\t\t\t\n\t\t\t\t\t\t\t\t\t\t<h5 class=\"post-title is-large \">\n\t\t\t\t\t\t<a href=\"https:\/\/pizbube.ch\/en\/glaernisch-vrenelis-gaertli\/\" class=\"plain\">GL\u00c4RNISCH &#8211; VRENELI`S G\u00c4RTLI &#8211; 28.\/29. Juni 2026<\/a>\n\t\t\t\t\t<\/h5>\n\t\t\t\t\t\t\t\t\t\t<div class=\"is-divider\"><\/div>\n\t\t\t\t\t\t\t\t\t\t<p class=\"from_the_blog_excerpt \">\n\t\t\t\t\t\tStanden Sie auch schon an einem klaren F\u00f6hntag am Bellevue [...]\t\t\t\t\t<\/p>\n\t\t\t\t\t                    \n\t\t\t\t\t\n\t\t\t\t\t\n\t\t\t\t\t<\/div>\n\t\t\t\t\t<\/div>\n\t\t\t\t\t\t\t\t\t<\/div>\n\t\t\t<\/div>\n\t\t<\/div><\/div>\n\n\n\n<p><\/p>\n","protected":false},"excerpt":{"rendered":"<p>Piz ist mehr als eine Buchhandlung \u2013 wir bieten auch &#171;Ausfl\u00fcge ins Gebirge&#187; an: Ski- und Snowboardtouren im Winter, Hoch- und Klettertouren im Sommer. Diplomierte Bergf\u00fchrer und Bergf\u00fchrerinnen garantieren f\u00fcr Sicherheit und Genuss in Schnee, Fels und Eis. Gerne beraten wir Sie auch bei individuellen Tourenzielen; vereinbaren Sie hier einen Termin.<\/p>","protected":false},"author":1,"featured_media":0,"parent":0,"menu_order":0,"comment_status":"closed","ping_status":"closed","template":"page-right-sidebar.php","meta":{"footnotes":""},"class_list":["post-155122","page","type-page","status-publish","hentry"],"_links":{"self":[{"href":"https:\/\/pizbube.ch\/en\/wp-json\/wp\/v2\/pages\/155122","targetHints":{"allow":["GET"]}}],"collection":[{"href":"https:\/\/pizbube.ch\/en\/wp-json\/wp\/v2\/pages"}],"about":[{"href":"https:\/\/pizbube.ch\/en\/wp-json\/wp\/v2\/types\/page"}],"author":[{"embeddable":true,"href":"https:\/\/pizbube.ch\/en\/wp-json\/wp\/v2\/users\/1"}],"replies":[{"embeddable":true,"href":"https:\/\/pizbube.ch\/en\/wp-json\/wp\/v2\/comments?post=155122"}],"version-history":[{"count":0,"href":"https:\/\/pizbube.ch\/en\/wp-json\/wp\/v2\/pages\/155122\/revisions"}],"wp:attachment":[{"href":"https:\/\/pizbube.ch\/en\/wp-json\/wp\/v2\/media?parent=155122"}],"curies":[{"name":"wp","href":"https:\/\/api.w.org\/{rel}","templated":true}]}}