{"id":149343,"date":"2021-01-15T10:59:20","date_gmt":"2021-01-15T10:59:20","guid":{"rendered":"https:\/\/codengine3.ch\/?product=import-placeholder-for-202370"},"modified":"2021-01-15T12:35:42","modified_gmt":"2021-01-15T12:35:42","slug":"der-alpstein-im-lichte-der-bergnamengebung","status":"publish","type":"product","link":"https:\/\/pizbube.ch\/en\/shop\/der-alpstein-im-lichte-der-bergnamengebung\/","title":{"rendered":"Der Alpstein im Lichte der Bergnamengebung"},"content":{"rendered":"<p>Schrift \u00fcber die Bergnamen des Alpsteingebietes.<\/p>\n<p>Jeder Gang durch das vom Alpstein amphitheatralisch nach S\u00fcden abgeschlossene<br \/>\nLand am S\u00e4ntis l\u00e4sst den Wanderer von neuem \u00fcber den Reichtum der Namenwelt<br \/>\nstauenen. Die Urspr\u00fcnge und die Benennungsmotive dieser Namen reichen in die<br \/>\nFr\u00fchzeit appenzellischer Siedlungen zur\u00fcck.<\/p>\n<p>Die Schrift erl\u00e4utert die vielen hundert Flurnamen, die im Alpstein hinaus bis<br \/>\nzu den Alpen und hohen Bergz\u00fcgen des S\u00e4ntisgebirges zu finden sind.<br \/>\nDas Land Appenzell, Heft 6\/7; 93 Seiten  <\/p>\n<p>Stefan Sonderegger, 1927-2017, war Professor f\u00fcr germanische Philologie an der<br \/>\nUniversit\u00e4t Z\u00fcrich und Ehrendoktor der Universit\u00e4ten von Dublin und Uppsala.<br \/>\nSeine Forschungsschwerpunkte waren deutsche Sprachgeschichte, Namenkunde und<br \/>\nDialektologie. 1977 erhielt er hierf\u00fcr den Br\u00fcder-Grimm-Preis der Philipps-<br \/>\nUniversit\u00e4t Marburg. Stefan Sonderegger wuchs in einer<br \/>\nStickereifabrikantenfamilie in Herisau auf, wo er auch seinen Lebensabend<br \/>\nverbrachte.  <\/p>","protected":false},"excerpt":{"rendered":"<p>Schrift \u00fcber die Bergnamen des Alpsteingebietes. Jeder Gang durch das vom Alpstein amphitheatralisch nach S\u00fcden abgeschlossene Land am S\u00e4ntis l\u00e4sst den Wanderer von neuem \u00fcber den Reichtum der Namenwelt stauenen. Die Urspr\u00fcnge und die Benennungsmotive dieser Namen reichen in die Fr\u00fchzeit appenzellischer Siedlungen zur\u00fcck. Die Schrift erl\u00e4utert die vielen hundert Flurnamen, die im Alpstein hinaus [&#8230;]\n","protected":false},"featured_media":29749,"template":"","meta":[],"product_brand":[],"product_cat":[21580],"product_tag":[],"class_list":{"0":"post-149343","1":"product","2":"type-product","3":"status-publish","4":"has-post-thumbnail","6":"product_cat-kunst-kultur","7":"pa_autor-sonderegger","8":"pa_erscheinungsjahr-23406","9":"pa_region-schweiz","10":"pa_sprache-de","12":"first","13":"outofstock","14":"taxable","15":"shipping-taxable","16":"purchasable","17":"product-type-simple"},"_links":{"self":[{"href":"https:\/\/pizbube.ch\/en\/wp-json\/wp\/v2\/product\/149343","targetHints":{"allow":["GET"]}}],"collection":[{"href":"https:\/\/pizbube.ch\/en\/wp-json\/wp\/v2\/product"}],"about":[{"href":"https:\/\/pizbube.ch\/en\/wp-json\/wp\/v2\/types\/product"}],"wp:featuredmedia":[{"embeddable":true,"href":"https:\/\/pizbube.ch\/en\/wp-json\/wp\/v2\/media\/29749"}],"wp:attachment":[{"href":"https:\/\/pizbube.ch\/en\/wp-json\/wp\/v2\/media?parent=149343"}],"wp:term":[{"taxonomy":"product_brand","embeddable":true,"href":"https:\/\/pizbube.ch\/en\/wp-json\/wp\/v2\/product_brand?post=149343"},{"taxonomy":"product_cat","embeddable":true,"href":"https:\/\/pizbube.ch\/en\/wp-json\/wp\/v2\/product_cat?post=149343"},{"taxonomy":"product_tag","embeddable":true,"href":"https:\/\/pizbube.ch\/en\/wp-json\/wp\/v2\/product_tag?post=149343"}],"curies":[{"name":"wp","href":"https:\/\/api.w.org\/{rel}","templated":true}]}}