{"id":150717,"date":"2021-01-15T11:03:08","date_gmt":"2021-01-15T11:03:08","guid":{"rendered":"https:\/\/codengine3.ch\/?product=import-placeholder-for-201054"},"modified":"2021-01-15T11:03:11","modified_gmt":"2021-01-15T11:03:11","slug":"wie-der-berg-zu-seinem-namen-kam","status":"publish","type":"product","link":"https:\/\/pizbube.ch\/en\/shop\/wie-der-berg-zu-seinem-namen-kam\/","title":{"rendered":"Wie der Berg zu seinem Namen kam"},"content":{"rendered":"<p>Alpines R\u00e4tisches Namenbuch: von wo kommt der Name Pal\u00fc? warum heisst der Piz<br \/>\nKesch so? Jedem Wanderer wird die vielf\u00e4ltige Namenlandschaft Graub\u00fcndens<br \/>\nschon aufgefallen sein. Er wird sich bestimmt auch schon gefragt haben, was<br \/>\nwohl ein Piz Buin, ein Val Fless oder eine Alp Plazbi bedeuten m\u00f6gen<br \/>\n(Ochsenberg\/gebogenes Tal\/sch\u00f6ner Platz). Der Autor hat in diesem Buch die<br \/>\n2500 h\u00e4ufigsten anzutreffenden Namen zusammengefasst und erkl\u00e4rt ihre Herkunft<br \/>\nund Bedeutung. Die Faszination der Namenwelt geht aber noch weiter: Wie sind<br \/>\ndie Namen entstanden? In einer auch dem Laien gut verst\u00e4ndlichen Einleitung<br \/>\nwermittelt deshalb der Autor die Entstehungsgeschichte der Natur- und<br \/>\nKulturnamen durch die Zeitl\u00e4ufe hindurch.  <\/p>","protected":false},"excerpt":{"rendered":"<p>Alpines R\u00e4tisches Namenbuch: von wo kommt der Name Pal\u00fc? warum heisst der Piz Kesch so? Jedem Wanderer wird die vielf\u00e4ltige Namenlandschaft Graub\u00fcndens schon aufgefallen sein. Er wird sich bestimmt auch schon gefragt haben, was wohl ein Piz Buin, ein Val Fless oder eine Alp Plazbi bedeuten m\u00f6gen (Ochsenberg\/gebogenes Tal\/sch\u00f6ner Platz). Der Autor hat in diesem [&#8230;]\n","protected":false},"featured_media":28207,"template":"","meta":[],"product_brand":[],"product_cat":[21542],"product_tag":[],"class_list":{"0":"post-150717","1":"product","2":"type-product","3":"status-publish","4":"has-post-thumbnail","6":"product_cat-sachbuecher-dokumentationen","7":"pa_autor-schorta","8":"pa_erscheinungsjahr-22154","9":"pa_region-schweiz","10":"pa_sprache-de","12":"first","13":"outofstock","14":"taxable","15":"shipping-taxable","16":"purchasable","17":"product-type-simple"},"_links":{"self":[{"href":"https:\/\/pizbube.ch\/en\/wp-json\/wp\/v2\/product\/150717","targetHints":{"allow":["GET"]}}],"collection":[{"href":"https:\/\/pizbube.ch\/en\/wp-json\/wp\/v2\/product"}],"about":[{"href":"https:\/\/pizbube.ch\/en\/wp-json\/wp\/v2\/types\/product"}],"wp:featuredmedia":[{"embeddable":true,"href":"https:\/\/pizbube.ch\/en\/wp-json\/wp\/v2\/media\/28207"}],"wp:attachment":[{"href":"https:\/\/pizbube.ch\/en\/wp-json\/wp\/v2\/media?parent=150717"}],"wp:term":[{"taxonomy":"product_brand","embeddable":true,"href":"https:\/\/pizbube.ch\/en\/wp-json\/wp\/v2\/product_brand?post=150717"},{"taxonomy":"product_cat","embeddable":true,"href":"https:\/\/pizbube.ch\/en\/wp-json\/wp\/v2\/product_cat?post=150717"},{"taxonomy":"product_tag","embeddable":true,"href":"https:\/\/pizbube.ch\/en\/wp-json\/wp\/v2\/product_tag?post=150717"}],"curies":[{"name":"wp","href":"https:\/\/api.w.org\/{rel}","templated":true}]}}