{"id":182275,"date":"2025-11-26T09:38:57","date_gmt":"2025-11-26T08:38:57","guid":{"rendered":"https:\/\/pizbube.ch\/?post_type=product&#038;p=182275"},"modified":"2026-02-25T11:09:29","modified_gmt":"2026-02-25T10:09:29","slug":"solitude-mon-rendez-vous-avec-les-drus","status":"publish","type":"product","link":"https:\/\/pizbube.ch\/en\/shop\/solitude-mon-rendez-vous-avec-les-drus\/","title":{"rendered":"Solitude &#8211; Mon rendez-vous avec les Drus"},"content":{"rendered":"<div id=\"product-description-short-841\" class=\"product-short-description\">\n<p>L\u2019alpiniste le plus talentueux de sa g\u00e9n\u00e9ration raconte cinq jours d\u2019ascension en solo : r\u00e9cit intimiste de Benjamin V\u00e9drines.<\/p>\n<\/div>\n<div id=\"product-description-841\" class=\"product-long-description\">\n<p>\u00ab Je pars en voyage dans la face sud-ouest des Drus. Je largue les amarres, comme quand je me suis envol\u00e9 pour le N\u00e9pal apr\u00e8s mon bac, seul et sans pr\u00e9venir personne. Quinze ans ont pass\u00e9, je repars une fois de plus \u00e0 l\u2019aventure, je me d\u00e9connecte des \u00e9motions qui m\u2019encombrent dans la vall\u00e9e. Je vais canaliser le tsunami de pens\u00e9es qui m\u2019\u00e9puise. L\u2019alpinisme m\u2019aide \u00e0 oublier mon hypersensibilit\u00e9 et mon manque de confiance en moi. L\u00e0-haut, tout devient beaucoup plus dur et beaucoup plus simple : suivre une ligne, sortir par le haut, ne plus regarder en arri\u00e8re. \u00bb<\/p>\n<p>En plein hiver, Benjamin V\u00e9drines, virtuose de l\u2019alpinisme, \u00ads\u2019engage dans l\u2019une des escalades les plus dures des Alpes. Seul avec lui-m\u00eame face \u00e0 la montagne, il livre une introspection d\u2019une sinc\u00e9rit\u00e9 sans limites.<\/p>\n<p>168 pages<\/p>\n<\/div>","protected":false},"excerpt":{"rendered":"<p>L\u2019alpiniste le plus talentueux de sa g\u00e9n\u00e9ration raconte cinq jours d\u2019ascension en solo : r\u00e9cit intimiste de Benjamin V\u00e9drines. \u00ab Je pars en voyage dans la face sud-ouest des Drus. Je largue les amarres, comme quand je me suis envol\u00e9 pour le N\u00e9pal apr\u00e8s mon bac, seul et sans pr\u00e9venir personne. Quinze ans ont pass\u00e9, [&#8230;]\n","protected":false},"featured_media":182276,"template":"","meta":[],"product_brand":[],"product_cat":[21629,21542],"product_tag":[],"class_list":{"0":"post-182275","1":"product","2":"type-product","3":"status-publish","4":"has-post-thumbnail","6":"product_cat-belletristik","7":"product_cat-sachbuecher-dokumentationen","8":"pa_autor-benjamin-vedrines","9":"pa_erscheinungsjahr-27415","10":"pa_region-frankreich","11":"pa_sprache-fr","13":"first","14":"instock","15":"taxable","16":"shipping-taxable","17":"purchasable","18":"product-type-simple"},"_links":{"self":[{"href":"https:\/\/pizbube.ch\/en\/wp-json\/wp\/v2\/product\/182275","targetHints":{"allow":["GET"]}}],"collection":[{"href":"https:\/\/pizbube.ch\/en\/wp-json\/wp\/v2\/product"}],"about":[{"href":"https:\/\/pizbube.ch\/en\/wp-json\/wp\/v2\/types\/product"}],"wp:featuredmedia":[{"embeddable":true,"href":"https:\/\/pizbube.ch\/en\/wp-json\/wp\/v2\/media\/182276"}],"wp:attachment":[{"href":"https:\/\/pizbube.ch\/en\/wp-json\/wp\/v2\/media?parent=182275"}],"wp:term":[{"taxonomy":"product_brand","embeddable":true,"href":"https:\/\/pizbube.ch\/en\/wp-json\/wp\/v2\/product_brand?post=182275"},{"taxonomy":"product_cat","embeddable":true,"href":"https:\/\/pizbube.ch\/en\/wp-json\/wp\/v2\/product_cat?post=182275"},{"taxonomy":"product_tag","embeddable":true,"href":"https:\/\/pizbube.ch\/en\/wp-json\/wp\/v2\/product_tag?post=182275"}],"curies":[{"name":"wp","href":"https:\/\/api.w.org\/{rel}","templated":true}]}}