{"id":184142,"date":"2026-04-30T15:12:52","date_gmt":"2026-04-30T13:12:52","guid":{"rendered":"https:\/\/pizbube.ch\/?post_type=product&#038;p=184142"},"modified":"2026-04-30T15:12:52","modified_gmt":"2026-04-30T13:12:52","slug":"carasc-die-tibetische-haengebruecke","status":"publish","type":"product","link":"https:\/\/pizbube.ch\/en\/shop\/carasc-die-tibetische-haengebruecke\/","title":{"rendered":"Carasc \u2013 Die tibetische H\u00e4ngebr\u00fccke"},"content":{"rendered":"<p><span class=\"HwtZe\" lang=\"de\"><span class=\"jCAhz ChMk0b\"><span class=\"ryNqvb\">Geschichte und Kultur zwischen Monte Carassound Sementina im Tessin.<\/span><\/span><\/span><\/p>\n<p><span class=\"HwtZe\" lang=\"de\"><span class=\"jCAhz ChMk0b\"><span class=\"ryNqvb\">Das B\u00fcchlein <\/span><\/span><\/span><span class=\"HwtZe\" lang=\"de\"><span class=\"jCAhz ChMk0b\"><span class=\"ryNqvb\">pr\u00e4sentiert<\/span><\/span><\/span><span class=\"HwtZe\" lang=\"de\"><span class=\"jCAhz ChMk0b\"><span class=\"ryNqvb\"> die tibetische H\u00e4ngebr\u00fccke \u201eCarasc\u201c \u00fcber Sementina und Monte Carasso. Die historische und kulturelle Besonderheit der Berge \u00fcber Sementina und Monte Carasso umfasste Manufakturen und Orte, die unseren Vorbeigehen den Segen gaben. Ein Teil des Buches stellt detailliert die tibetische Br\u00fccke vor, die das Valle di Sementina durchquert, mit Fotos und Beschreibungen der Br\u00fcckenkonstruktion.<\/span><\/span><\/span><\/p>\n<p>120 Seiten, 12\u00d718 cm.<br \/>\n100 Fotos<br \/>\n1. Auflage 2017<\/p>","protected":false},"excerpt":{"rendered":"<p>Geschichte und Kultur zwischen Monte Carassound Sementina im Tessin. Das B\u00fcchlein pr\u00e4sentiert die tibetische H\u00e4ngebr\u00fccke \u201eCarasc\u201c \u00fcber Sementina und Monte Carasso. Die historische und kulturelle Besonderheit der Berge \u00fcber Sementina und Monte Carasso umfasste Manufakturen und Orte, die unseren Vorbeigehen den Segen gaben. Ein Teil des Buches stellt detailliert die tibetische Br\u00fccke vor, die das [&#8230;]\n","protected":false},"featured_media":184143,"template":"","meta":[],"product_brand":[],"product_cat":[21542,21605],"product_tag":[],"class_list":{"0":"post-184142","1":"product","2":"type-product","3":"status-publish","4":"has-post-thumbnail","6":"product_cat-sachbuecher-dokumentationen","7":"product_cat-wanderfuehrer-trekking","8":"pa_autor-valsecchi","9":"pa_erscheinungsjahr-21574","10":"pa_region-schweiz","11":"pa_sprache-de","13":"first","14":"instock","15":"taxable","16":"shipping-taxable","17":"purchasable","18":"product-type-simple"},"_links":{"self":[{"href":"https:\/\/pizbube.ch\/en\/wp-json\/wp\/v2\/product\/184142","targetHints":{"allow":["GET"]}}],"collection":[{"href":"https:\/\/pizbube.ch\/en\/wp-json\/wp\/v2\/product"}],"about":[{"href":"https:\/\/pizbube.ch\/en\/wp-json\/wp\/v2\/types\/product"}],"wp:featuredmedia":[{"embeddable":true,"href":"https:\/\/pizbube.ch\/en\/wp-json\/wp\/v2\/media\/184143"}],"wp:attachment":[{"href":"https:\/\/pizbube.ch\/en\/wp-json\/wp\/v2\/media?parent=184142"}],"wp:term":[{"taxonomy":"product_brand","embeddable":true,"href":"https:\/\/pizbube.ch\/en\/wp-json\/wp\/v2\/product_brand?post=184142"},{"taxonomy":"product_cat","embeddable":true,"href":"https:\/\/pizbube.ch\/en\/wp-json\/wp\/v2\/product_cat?post=184142"},{"taxonomy":"product_tag","embeddable":true,"href":"https:\/\/pizbube.ch\/en\/wp-json\/wp\/v2\/product_tag?post=184142"}],"curies":[{"name":"wp","href":"https:\/\/api.w.org\/{rel}","templated":true}]}}